
{"id":115,"date":"2022-07-22T12:02:13","date_gmt":"2022-07-22T11:02:13","guid":{"rendered":"https:\/\/www.agadir-oufella.ma\/?page_id=115"},"modified":"2023-06-15T12:34:18","modified_gmt":"2023-06-15T11:34:18","slug":"actualites","status":"publish","type":"page","link":"https:\/\/www.agadir-oufella.ma\/fr\/actualites\/","title":{"rendered":"Actualit\u00e9s"},"content":{"rendered":"<section class=\"topbar\">\n    <picture>\n                  <img loading=\"lazy\" decoding=\"async\" src=\"https:\/\/www.agadir-oufella.ma\/wp-content\/uploads\/2022\/07\/topbar.jpg\" alt=\"Kasbah d'Agadir Oufella\" width=\"1920\" height=\"297\" \/>\n            <\/picture>\n<\/section>\n<ol class=\"breadcrumb\" itemscope itemtype=\"http:\/\/schema.org\/BreadcrumbList\"><li itemprop=\"itemListElement\" itemscope itemtype=\"http:\/\/schema.org\/ListItem\"><a itemprop=\"item\" href=\"https:\/\/www.agadir-oufella.ma\/fr\/\">Accueil<span itemprop='name'>  <\/span><\/a><span itemprop='position' content='1'>&gt;<\/span><\/li><\/ol>\n\n<section class=\"intro\" data-aos=\"fade-up\">\n        <h1> Actualit\u00e9s <\/h1>\n        <div >\n        <p>Soyez les premiers \u00e0 \u00eatre au courant des nouvelles et \u00e9v\u00e9nements concernant la Kasbah Agadir Oufella.<\/p>\n    <\/div>\n<\/section>\n\n\n\n\n<div style=\"height:20px\" aria-hidden=\"true\" class=\"wp-block-spacer\"><\/div>\n\n\n<section class=\"blog-posts\">\n    <article itemprop=\"blogPosts\" itemscope itemtype=\"http:\/\/schema.org\/BlogPosting\" data-aos=\"fade-right\" data-aos-delay=\"0\">\n      <a href=\"https:\/\/www.agadir-oufella.ma\/fr\/nostalgia-les-emotions-dantan-2025\/\" itemprop=\"url\">\n          <header>\n              <picture>\n                  <img loading=\"lazy\" decoding=\"async\" src=\"https:\/\/www.agadir-oufella.ma\/wp-content\/uploads\/2025\/08\/1753805119188-407x436.jpeg\" width=\"407\" height=\"436\" \/>\n              <\/picture>\n          <\/header>\n          <div class=\"_desc\">\n              <p class=\"_cat\">Actualit\u00e9<\/p>              <p class=\"_date\">\n                03 ao\u00fbt 2025              <\/p>\n              <h4 class=\"_title\" itemprop=\"headline\">\n                  Nostalgia, les \u00e9motions d&rsquo;antan &#8211; 2025              <\/h4>\n              <!-- <div class=\"_text\" itemprop=\"articleBody\">\n                  <p>\n                                      <\/p>\n              <\/div> -->\n              <b class=\"underline\">Lire la suite<\/b>\n          <\/div>\n      <\/a>\n  <\/article>\n    <article itemprop=\"blogPosts\" itemscope itemtype=\"http:\/\/schema.org\/BlogPosting\" data-aos=\"fade-right\" data-aos-delay=\"100\">\n      <a href=\"https:\/\/www.agadir-oufella.ma\/fr\/premier-anniversaire-de-louverture-de-la-kasbah-dagadir-oufella\/\" itemprop=\"url\">\n          <header>\n              <picture>\n                  <img loading=\"lazy\" decoding=\"async\" src=\"https:\/\/www.agadir-oufella.ma\/wp-content\/uploads\/2025\/02\/WhatsApp-Image-2025-02-14-at-12.59.54-407x436.jpeg\" width=\"407\" height=\"436\" \/>\n              <\/picture>\n          <\/header>\n          <div class=\"_desc\">\n              <p class=\"_cat\">Actualit\u00e9<\/p>              <p class=\"_date\">\n                03 f\u00e9vrier 2025              <\/p>\n              <h4 class=\"_title\" itemprop=\"headline\">\n                  Premier anniversaire de l&rsquo;ouverture de la Kasbah d\u2019Agadir Oufella              <\/h4>\n              <!-- <div class=\"_text\" itemprop=\"articleBody\">\n                  <p>\n                                      <\/p>\n              <\/div> -->\n              <b class=\"underline\">Lire la suite<\/b>\n          <\/div>\n      <\/a>\n  <\/article>\n    <article itemprop=\"blogPosts\" itemscope itemtype=\"http:\/\/schema.org\/BlogPosting\" data-aos=\"fade-right\" data-aos-delay=\"200\">\n      <a href=\"https:\/\/www.agadir-oufella.ma\/fr\/nouveaux-horaires-de-visite-pour-la-kasbah-dagadir-oufella\/\" itemprop=\"url\">\n          <header>\n              <picture>\n                  <img loading=\"lazy\" decoding=\"async\" src=\"https:\/\/www.agadir-oufella.ma\/wp-content\/uploads\/2024\/09\/horaire-agof-2-407x436.jpg\" width=\"407\" height=\"436\" \/>\n              <\/picture>\n          <\/header>\n          <div class=\"_desc\">\n              <p class=\"_cat\">Actualit\u00e9<\/p>              <p class=\"_date\">\n                19 septembre 2024              <\/p>\n              <h4 class=\"_title\" itemprop=\"headline\">\n                  Nouveaux horaires de visite pour la Kasbah d&rsquo;Agadir Oufella              <\/h4>\n              <!-- <div class=\"_text\" itemprop=\"articleBody\">\n                  <p>\n                                      <\/p>\n              <\/div> -->\n              <b class=\"underline\">Lire la suite<\/b>\n          <\/div>\n      <\/a>\n  <\/article>\n    <article itemprop=\"blogPosts\" itemscope itemtype=\"http:\/\/schema.org\/BlogPosting\" data-aos=\"fade-right\" data-aos-delay=\"300\">\n      <a href=\"https:\/\/www.agadir-oufella.ma\/fr\/__trashed\/\" itemprop=\"url\">\n          <header>\n              <picture>\n                  <img loading=\"lazy\" decoding=\"async\" src=\"https:\/\/www.agadir-oufella.ma\/wp-content\/uploads\/2024\/10\/1722255550798-407x436.jpeg\" width=\"407\" height=\"436\" \/>\n              <\/picture>\n          <\/header>\n          <div class=\"_desc\">\n              <p class=\"_cat\">Actualit\u00e9<\/p>              <p class=\"_date\">\n                29 juillet 2024              <\/p>\n              <h4 class=\"_title\" itemprop=\"headline\">\n                  Nostalgia \u00e0 Agadir Oufella : Un Voyage \u00e0 Travers le Temps              <\/h4>\n              <!-- <div class=\"_text\" itemprop=\"articleBody\">\n                  <p>\n                                      <\/p>\n              <\/div> -->\n              <b class=\"underline\">Lire la suite<\/b>\n          <\/div>\n      <\/a>\n  <\/article>\n    <article itemprop=\"blogPosts\" itemscope itemtype=\"http:\/\/schema.org\/BlogPosting\" data-aos=\"fade-right\" data-aos-delay=\"400\">\n      <a href=\"https:\/\/www.agadir-oufella.ma\/fr\/heures-speciales-ramadan-a-agadir-oufella\/\" itemprop=\"url\">\n          <header>\n              <picture>\n                  <img loading=\"lazy\" decoding=\"async\" src=\"https:\/\/www.agadir-oufella.ma\/wp-content\/uploads\/2024\/03\/horaire-agof-407x436.jpg\" width=\"407\" height=\"436\" \/>\n              <\/picture>\n          <\/header>\n          <div class=\"_desc\">\n              <p class=\"_cat\">Actualit\u00e9<\/p>              <p class=\"_date\">\n                12 mars 2024              <\/p>\n              <h4 class=\"_title\" itemprop=\"headline\">\n                  Heures sp\u00e9ciales Ramadan \u00e0 Agadir Oufella              <\/h4>\n              <!-- <div class=\"_text\" itemprop=\"articleBody\">\n                  <p>\n                                      <\/p>\n              <\/div> -->\n              <b class=\"underline\">Lire la suite<\/b>\n          <\/div>\n      <\/a>\n  <\/article>\n    <article itemprop=\"blogPosts\" itemscope itemtype=\"http:\/\/schema.org\/BlogPosting\" data-aos=\"fade-right\" data-aos-delay=\"500\">\n      <a href=\"https:\/\/www.agadir-oufella.ma\/fr\/commemoration-du-64eme-anniversaire-du-tremblement-de-terre-dagadir\/\" itemprop=\"url\">\n          <header>\n              <picture>\n                  <img loading=\"lazy\" decoding=\"async\" src=\"https:\/\/www.agadir-oufella.ma\/wp-content\/uploads\/2024\/03\/izoran-407x436.jpg\" width=\"407\" height=\"436\" \/>\n              <\/picture>\n          <\/header>\n          <div class=\"_desc\">\n              <p class=\"_cat\">Vid\u00e9o<\/p>              <p class=\"_date\">\n                06 mars 2024              <\/p>\n              <h4 class=\"_title\" itemprop=\"headline\">\n                  Comm\u00e9moration du 64\u00e8me anniversaire du tremblement de terre d&rsquo;Agadir              <\/h4>\n              <!-- <div class=\"_text\" itemprop=\"articleBody\">\n                  <p>\n                                      <\/p>\n              <\/div> -->\n              <b class=\"underline\">Lire la suite<\/b>\n          <\/div>\n      <\/a>\n  <\/article>\n    <article itemprop=\"blogPosts\" itemscope itemtype=\"http:\/\/schema.org\/BlogPosting\" data-aos=\"fade-right\" data-aos-delay=\"600\">\n      <a href=\"https:\/\/www.agadir-oufella.ma\/fr\/offre-speciale-pour-une-decouverte-immersive\/\" itemprop=\"url\">\n          <header>\n              <picture>\n                  <img loading=\"lazy\" decoding=\"async\" src=\"https:\/\/www.agadir-oufella.ma\/wp-content\/uploads\/2024\/02\/post-incertion-v0_2-407x436.jpg\" width=\"407\" height=\"436\" \/>\n              <\/picture>\n          <\/header>\n          <div class=\"_desc\">\n              <p class=\"_cat\">Promo<\/p>              <p class=\"_date\">\n                24 f\u00e9vrier 2024              <\/p>\n              <h4 class=\"_title\" itemprop=\"headline\">\n                  Offre sp\u00e9ciale pour une d\u00e9couverte immersive !              <\/h4>\n              <!-- <div class=\"_text\" itemprop=\"articleBody\">\n                  <p>\n                                      <\/p>\n              <\/div> -->\n              <b class=\"underline\">Lire la suite<\/b>\n          <\/div>\n      <\/a>\n  <\/article>\n    <article itemprop=\"blogPosts\" itemscope itemtype=\"http:\/\/schema.org\/BlogPosting\" data-aos=\"fade-right\" data-aos-delay=\"700\">\n      <a href=\"https:\/\/www.agadir-oufella.ma\/fr\/ouverture-de-la-kasbah-dagadir-oufella\/\" itemprop=\"url\">\n          <header>\n              <picture>\n                  <img loading=\"lazy\" decoding=\"async\" src=\"https:\/\/www.agadir-oufella.ma\/wp-content\/uploads\/2024\/03\/421872378_366437639474818_4818490068918162041_n-407x436.jpg\" width=\"407\" height=\"436\" \/>\n              <\/picture>\n          <\/header>\n          <div class=\"_desc\">\n              <p class=\"_cat\">Communiqu\u00e9<\/p>              <p class=\"_date\">\n                01 f\u00e9vrier 2024              <\/p>\n              <h4 class=\"_title\" itemprop=\"headline\">\n                  Ouverture de la Kasbah d&rsquo;Agadir Oufella              <\/h4>\n              <!-- <div class=\"_text\" itemprop=\"articleBody\">\n                  <p>\n                                      <\/p>\n              <\/div> -->\n              <b class=\"underline\">Lire la suite<\/b>\n          <\/div>\n      <\/a>\n  <\/article>\n    <article itemprop=\"blogPosts\" itemscope itemtype=\"http:\/\/schema.org\/BlogPosting\" data-aos=\"fade-right\" data-aos-delay=\"800\">\n      <a href=\"https:\/\/www.agadir-oufella.ma\/fr\/agadir-celebre-yennayer-2974\/\" itemprop=\"url\">\n          <header>\n              <picture>\n                  <img loading=\"lazy\" decoding=\"async\" src=\"https:\/\/www.agadir-oufella.ma\/wp-content\/uploads\/2024\/05\/WhatsApp-Image-2024-05-25-at-18.43.08-407x436.jpeg\" width=\"407\" height=\"436\" \/>\n              <\/picture>\n          <\/header>\n          <div class=\"_desc\">\n              <p class=\"_cat\">Culture<\/p>              <p class=\"_date\">\n                13 janvier 2024              <\/p>\n              <h4 class=\"_title\" itemprop=\"headline\">\n                  Agadir c\u00e9l\u00e8bre Yennayer 2974              <\/h4>\n              <!-- <div class=\"_text\" itemprop=\"articleBody\">\n                  <p>\n                                      <\/p>\n              <\/div> -->\n              <b class=\"underline\">Lire la suite<\/b>\n          <\/div>\n      <\/a>\n  <\/article>\n    <article itemprop=\"blogPosts\" itemscope itemtype=\"http:\/\/schema.org\/BlogPosting\" data-aos=\"fade-right\" data-aos-delay=\"900\">\n      <a href=\"https:\/\/www.agadir-oufella.ma\/fr\/agadir-oufella-celebre-le-nouvel-an-amazigh-yennayer\/\" itemprop=\"url\">\n          <header>\n              <picture>\n                  <img loading=\"lazy\" decoding=\"async\" src=\"https:\/\/www.agadir-oufella.ma\/wp-content\/uploads\/2023\/01\/VTB0096-407x436.jpg\" width=\"407\" height=\"436\" \/>\n              <\/picture>\n          <\/header>\n          <div class=\"_desc\">\n              <p class=\"_cat\">Culture<\/p>              <p class=\"_date\">\n                18 janvier 2023              <\/p>\n              <h4 class=\"_title\" itemprop=\"headline\">\n                  Agadir Oufella c\u00e9l\u00e8bre le nouvel an Amazigh (Yennayer)              <\/h4>\n              <!-- <div class=\"_text\" itemprop=\"articleBody\">\n                  <p>\n                                      <\/p>\n              <\/div> -->\n              <b class=\"underline\">Lire la suite<\/b>\n          <\/div>\n      <\/a>\n  <\/article>\n    <article itemprop=\"blogPosts\" itemscope itemtype=\"http:\/\/schema.org\/BlogPosting\" data-aos=\"fade-right\" data-aos-delay=\"1000\">\n      <a href=\"https:\/\/www.agadir-oufella.ma\/fr\/ouverture-partielle-de-la-kasbah-dagadir-oufella\/\" itemprop=\"url\">\n          <header>\n              <picture>\n                  <img loading=\"lazy\" decoding=\"async\" src=\"https:\/\/www.agadir-oufella.ma\/wp-content\/uploads\/2022\/07\/AGO0046.JPG-409x316.png\" width=\"407\" height=\"436\" \/>\n              <\/picture>\n          <\/header>\n          <div class=\"_desc\">\n              <p class=\"_cat\">Communiqu\u00e9<\/p>              <p class=\"_date\">\n                01 juillet 2022              <\/p>\n              <h4 class=\"_title\" itemprop=\"headline\">\n                  Ouverture partielle de la Kasbah d&rsquo;Agadir Oufella              <\/h4>\n              <!-- <div class=\"_text\" itemprop=\"articleBody\">\n                  <p>\n                                      <\/p>\n              <\/div> -->\n              <b class=\"underline\">Lire la suite<\/b>\n          <\/div>\n      <\/a>\n  <\/article>\n    <article itemprop=\"blogPosts\" itemscope itemtype=\"http:\/\/schema.org\/BlogPosting\" data-aos=\"fade-right\" data-aos-delay=\"1100\">\n      <a href=\"https:\/\/www.agadir-oufella.ma\/fr\/visite-de-monsieur-mehdi-bensaid-ministre-de-la-jeunesse-de-la-culture-et-de-la-communication\/\" itemprop=\"url\">\n          <header>\n              <picture>\n                  <img loading=\"lazy\" decoding=\"async\" src=\"https:\/\/www.agadir-oufella.ma\/wp-content\/uploads\/2022\/07\/thumbnail-2-1.jpg\" width=\"407\" height=\"436\" \/>\n              <\/picture>\n          <\/header>\n          <div class=\"_desc\">\n              <p class=\"_cat\">Vid\u00e9o<\/p>              <p class=\"_date\">\n                07 janvier 2022              <\/p>\n              <h4 class=\"_title\" itemprop=\"headline\">\n                  Visite de Monsieur Mehdi Bensaid, Ministre de la Jeunesse, de la Culture et de la Communication              <\/h4>\n              <!-- <div class=\"_text\" itemprop=\"articleBody\">\n                  <p>\n                                      <\/p>\n              <\/div> -->\n              <b class=\"underline\">Lire la suite<\/b>\n          <\/div>\n      <\/a>\n  <\/article>\n    <article itemprop=\"blogPosts\" itemscope itemtype=\"http:\/\/schema.org\/BlogPosting\" data-aos=\"fade-right\" data-aos-delay=\"1200\">\n      <a href=\"https:\/\/www.agadir-oufella.ma\/fr\/visite-de-mme-fatim-zahra-ammor-ministre-du-tourisme-de-lartisanat-et-de-leconomie-sociale-et-solidaire\/\" itemprop=\"url\">\n          <header>\n              <picture>\n                  <img loading=\"lazy\" decoding=\"async\" src=\"https:\/\/www.agadir-oufella.ma\/wp-content\/uploads\/2022\/07\/thumbnail-3-1.jpg\" width=\"407\" height=\"436\" \/>\n              <\/picture>\n          <\/header>\n          <div class=\"_desc\">\n              <p class=\"_cat\">Vid\u00e9o<\/p>              <p class=\"_date\">\n                25 novembre 2021              <\/p>\n              <h4 class=\"_title\" itemprop=\"headline\">\n                  Visite de Mme Fatim-Zahra Ammor, Ministre du Tourisme, de l\u2019Artisanat et de l\u2019\u00c9conomie Sociale et Solidaire              <\/h4>\n              <!-- <div class=\"_text\" itemprop=\"articleBody\">\n                  <p>\n                                      <\/p>\n              <\/div> -->\n              <b class=\"underline\">Lire la suite<\/b>\n          <\/div>\n      <\/a>\n  <\/article>\n    <article itemprop=\"blogPosts\" itemscope itemtype=\"http:\/\/schema.org\/BlogPosting\" data-aos=\"fade-right\" data-aos-delay=\"1300\">\n      <a href=\"https:\/\/www.agadir-oufella.ma\/fr\/les-fouilles-archeologiques-effectuees-au-sein-de-la-kasbah\/\" itemprop=\"url\">\n          <header>\n              <picture>\n                  <img loading=\"lazy\" decoding=\"async\" src=\"https:\/\/www.agadir-oufella.ma\/wp-content\/uploads\/2022\/07\/thumbnail-4-1.jpg\" width=\"407\" height=\"436\" \/>\n              <\/picture>\n          <\/header>\n          <div class=\"_desc\">\n              <p class=\"_cat\">Vid\u00e9o<\/p>              <p class=\"_date\">\n                25 mars 2021              <\/p>\n              <h4 class=\"_title\" itemprop=\"headline\">\n                  Les fouilles arch\u00e9ologiques effectu\u00e9es au sein de la Kasbah              <\/h4>\n              <!-- <div class=\"_text\" itemprop=\"articleBody\">\n                  <p>\n                                      <\/p>\n              <\/div> -->\n              <b class=\"underline\">Lire la suite<\/b>\n          <\/div>\n      <\/a>\n  <\/article>\n    <article itemprop=\"blogPosts\" itemscope itemtype=\"http:\/\/schema.org\/BlogPosting\" data-aos=\"fade-right\" data-aos-delay=\"1400\">\n      <a href=\"https:\/\/www.agadir-oufella.ma\/fr\/visite-des-rescapes-et-de-la-societe-civile-a-la-kasbah\/\" itemprop=\"url\">\n          <header>\n              <picture>\n                  <img loading=\"lazy\" decoding=\"async\" src=\"https:\/\/www.agadir-oufella.ma\/wp-content\/uploads\/2022\/07\/thumbnail-5-1.jpg\" width=\"407\" height=\"436\" \/>\n              <\/picture>\n          <\/header>\n          <div class=\"_desc\">\n              <p class=\"_cat\">Vid\u00e9o<\/p>              <p class=\"_date\">\n                03 juillet 2021              <\/p>\n              <h4 class=\"_title\" itemprop=\"headline\">\n                  Visite des rescap\u00e9s et de la soci\u00e9t\u00e9 civile \u00e0 la Kasbah              <\/h4>\n              <!-- <div class=\"_text\" itemprop=\"articleBody\">\n                  <p>\n                                      <\/p>\n              <\/div> -->\n              <b class=\"underline\">Lire la suite<\/b>\n          <\/div>\n      <\/a>\n  <\/article>\n    <article itemprop=\"blogPosts\" itemscope itemtype=\"http:\/\/schema.org\/BlogPosting\" data-aos=\"fade-right\" data-aos-delay=\"1500\">\n      <a href=\"https:\/\/www.agadir-oufella.ma\/fr\/etat-davancement-des-travaux\/\" itemprop=\"url\">\n          <header>\n              <picture>\n                  <img loading=\"lazy\" decoding=\"async\" src=\"https:\/\/www.agadir-oufella.ma\/wp-content\/uploads\/2022\/07\/thumbnail-1-2.jpg\" width=\"407\" height=\"436\" \/>\n              <\/picture>\n          <\/header>\n          <div class=\"_desc\">\n              <p class=\"_cat\">Vid\u00e9o<\/p>              <p class=\"_date\">\n                05 mars 2022              <\/p>\n              <h4 class=\"_title\" itemprop=\"headline\">\n                  Etat d\u2019avancement des travaux              <\/h4>\n              <!-- <div class=\"_text\" itemprop=\"articleBody\">\n                  <p>\n                                      <\/p>\n              <\/div> -->\n              <b class=\"underline\">Lire la suite<\/b>\n          <\/div>\n      <\/a>\n  <\/article>\n    <div id=\"ajaxcontent\" style=\"text-align:center\"><\/div>\n<\/section>\n<section class=\"loading\">\n    <a id=\"loadMore\" data-page=\"2\" data-url=\"https:\/\/www.agadir-oufella.ma\/wp-admin\/admin-ajax.php\" >\n      <img decoding=\"async\" id=\"laoding_icon\" style=\"display: none;margin: 3pc auto;width:60px;\" src=\"https:\/\/raw.githubusercontent.com\/Codelessly\/FlutterLoadingGIFs\/master\/packages\/cupertino_activity_indicator.gif\"\/>\n    <\/a>\n<\/section>\n\n\n\n<div style=\"height:100px\" aria-hidden=\"true\" class=\"wp-block-spacer\"><\/div>\n","protected":false},"excerpt":{"rendered":"","protected":false},"author":1,"featured_media":0,"parent":0,"menu_order":85,"comment_status":"closed","ping_status":"closed","template":"","meta":{"inline_featured_image":false,"footnotes":""},"class_list":["post-115","page","type-page","status-publish","hentry"],"yoast_head":"<!-- This site is optimized with the Yoast SEO plugin v25.0 - https:\/\/yoast.com\/wordpress\/plugins\/seo\/ -->\n<title>Actualit\u00e9s - Kasbah d&#039;Agadir Oufella<\/title>\n<meta name=\"description\" content=\"Restez inform\u00e9 des derni\u00e8res actualit\u00e9s de la Kasbah d&#039;Agadir Oufella et des \u00e9v\u00e9nements qui y sont organis\u00e9s.\" \/>\n<meta name=\"robots\" content=\"index, follow, max-snippet:-1, max-image-preview:large, max-video-preview:-1\" \/>\n<link rel=\"canonical\" href=\"https:\/\/www.agadir-oufella.ma\/fr\/actualites\/\" \/>\n<meta property=\"og:locale\" content=\"fr_FR\" \/>\n<meta property=\"og:type\" content=\"article\" \/>\n<meta property=\"og:title\" content=\"Actualit\u00e9s - Kasbah d&#039;Agadir Oufella\" \/>\n<meta property=\"og:description\" content=\"Restez inform\u00e9 des derni\u00e8res actualit\u00e9s de la Kasbah d&#039;Agadir Oufella et des \u00e9v\u00e9nements qui y sont organis\u00e9s.\" \/>\n<meta property=\"og:url\" content=\"https:\/\/www.agadir-oufella.ma\/fr\/actualites\/\" \/>\n<meta property=\"og:site_name\" content=\"Kasbah d&#039;Agadir Oufella\" \/>\n<meta property=\"article:modified_time\" content=\"2023-06-15T11:34:18+00:00\" \/>\n<meta name=\"twitter:card\" content=\"summary_large_image\" \/>\n<script type=\"application\/ld+json\" class=\"yoast-schema-graph\">{\"@context\":\"https:\/\/schema.org\",\"@graph\":[{\"@type\":\"WebPage\",\"@id\":\"https:\/\/www.agadir-oufella.ma\/fr\/actualites\/\",\"url\":\"https:\/\/www.agadir-oufella.ma\/fr\/actualites\/\",\"name\":\"Actualit\u00e9s - Kasbah d&#039;Agadir Oufella\",\"isPartOf\":{\"@id\":\"https:\/\/www.agadir-oufella.ma\/fr\/#website\"},\"datePublished\":\"2022-07-22T11:02:13+00:00\",\"dateModified\":\"2023-06-15T11:34:18+00:00\",\"description\":\"Restez inform\u00e9 des derni\u00e8res actualit\u00e9s de la Kasbah d'Agadir Oufella et des \u00e9v\u00e9nements qui y sont organis\u00e9s.\",\"breadcrumb\":{\"@id\":\"https:\/\/www.agadir-oufella.ma\/fr\/actualites\/#breadcrumb\"},\"inLanguage\":\"fr-FR\",\"potentialAction\":[{\"@type\":\"ReadAction\",\"target\":[\"https:\/\/www.agadir-oufella.ma\/fr\/actualites\/\"]}]},{\"@type\":\"BreadcrumbList\",\"@id\":\"https:\/\/www.agadir-oufella.ma\/fr\/actualites\/#breadcrumb\",\"itemListElement\":[{\"@type\":\"ListItem\",\"position\":1,\"name\":\"Accueil\",\"item\":\"https:\/\/www.agadir-oufella.ma\/fr\/\"},{\"@type\":\"ListItem\",\"position\":2,\"name\":\"Actualit\u00e9s\"}]},{\"@type\":\"WebSite\",\"@id\":\"https:\/\/www.agadir-oufella.ma\/fr\/#website\",\"url\":\"https:\/\/www.agadir-oufella.ma\/fr\/\",\"name\":\"Kasbah d&#039;Agadir Oufella\",\"description\":\"\",\"publisher\":{\"@id\":\"https:\/\/www.agadir-oufella.ma\/fr\/#organization\"},\"potentialAction\":[{\"@type\":\"SearchAction\",\"target\":{\"@type\":\"EntryPoint\",\"urlTemplate\":\"https:\/\/www.agadir-oufella.ma\/fr\/?s={search_term_string}\"},\"query-input\":{\"@type\":\"PropertyValueSpecification\",\"valueRequired\":true,\"valueName\":\"search_term_string\"}}],\"inLanguage\":\"fr-FR\"},{\"@type\":\"Organization\",\"@id\":\"https:\/\/www.agadir-oufella.ma\/fr\/#organization\",\"name\":\"Kasbah d&#039;Agadir Oufella\",\"url\":\"https:\/\/www.agadir-oufella.ma\/fr\/\",\"logo\":{\"@type\":\"ImageObject\",\"inLanguage\":\"fr-FR\",\"@id\":\"https:\/\/www.agadir-oufella.ma\/fr\/#\/schema\/logo\/image\/\",\"url\":\"https:\/\/www.agadir-oufella.ma\/wp-content\/uploads\/2023\/09\/LOGOAGOF.svg\",\"contentUrl\":\"https:\/\/www.agadir-oufella.ma\/wp-content\/uploads\/2023\/09\/LOGOAGOF.svg\",\"width\":150,\"height\":150,\"caption\":\"Kasbah d&#039;Agadir Oufella\"},\"image\":{\"@id\":\"https:\/\/www.agadir-oufella.ma\/fr\/#\/schema\/logo\/image\/\"}}]}<\/script>\n<!-- \/ Yoast SEO plugin. -->","yoast_head_json":{"title":"Actualit\u00e9s - Kasbah d&#039;Agadir Oufella","description":"Restez inform\u00e9 des derni\u00e8res actualit\u00e9s de la Kasbah d'Agadir Oufella et des \u00e9v\u00e9nements qui y sont organis\u00e9s.","robots":{"index":"index","follow":"follow","max-snippet":"max-snippet:-1","max-image-preview":"max-image-preview:large","max-video-preview":"max-video-preview:-1"},"canonical":"https:\/\/www.agadir-oufella.ma\/fr\/actualites\/","og_locale":"fr_FR","og_type":"article","og_title":"Actualit\u00e9s - Kasbah d&#039;Agadir Oufella","og_description":"Restez inform\u00e9 des derni\u00e8res actualit\u00e9s de la Kasbah d'Agadir Oufella et des \u00e9v\u00e9nements qui y sont organis\u00e9s.","og_url":"https:\/\/www.agadir-oufella.ma\/fr\/actualites\/","og_site_name":"Kasbah d&#039;Agadir Oufella","article_modified_time":"2023-06-15T11:34:18+00:00","twitter_card":"summary_large_image","schema":{"@context":"https:\/\/schema.org","@graph":[{"@type":"WebPage","@id":"https:\/\/www.agadir-oufella.ma\/fr\/actualites\/","url":"https:\/\/www.agadir-oufella.ma\/fr\/actualites\/","name":"Actualit\u00e9s - Kasbah d&#039;Agadir Oufella","isPartOf":{"@id":"https:\/\/www.agadir-oufella.ma\/fr\/#website"},"datePublished":"2022-07-22T11:02:13+00:00","dateModified":"2023-06-15T11:34:18+00:00","description":"Restez inform\u00e9 des derni\u00e8res actualit\u00e9s de la Kasbah d'Agadir Oufella et des \u00e9v\u00e9nements qui y sont organis\u00e9s.","breadcrumb":{"@id":"https:\/\/www.agadir-oufella.ma\/fr\/actualites\/#breadcrumb"},"inLanguage":"fr-FR","potentialAction":[{"@type":"ReadAction","target":["https:\/\/www.agadir-oufella.ma\/fr\/actualites\/"]}]},{"@type":"BreadcrumbList","@id":"https:\/\/www.agadir-oufella.ma\/fr\/actualites\/#breadcrumb","itemListElement":[{"@type":"ListItem","position":1,"name":"Accueil","item":"https:\/\/www.agadir-oufella.ma\/fr\/"},{"@type":"ListItem","position":2,"name":"Actualit\u00e9s"}]},{"@type":"WebSite","@id":"https:\/\/www.agadir-oufella.ma\/fr\/#website","url":"https:\/\/www.agadir-oufella.ma\/fr\/","name":"Kasbah d&#039;Agadir Oufella","description":"","publisher":{"@id":"https:\/\/www.agadir-oufella.ma\/fr\/#organization"},"potentialAction":[{"@type":"SearchAction","target":{"@type":"EntryPoint","urlTemplate":"https:\/\/www.agadir-oufella.ma\/fr\/?s={search_term_string}"},"query-input":{"@type":"PropertyValueSpecification","valueRequired":true,"valueName":"search_term_string"}}],"inLanguage":"fr-FR"},{"@type":"Organization","@id":"https:\/\/www.agadir-oufella.ma\/fr\/#organization","name":"Kasbah d&#039;Agadir Oufella","url":"https:\/\/www.agadir-oufella.ma\/fr\/","logo":{"@type":"ImageObject","inLanguage":"fr-FR","@id":"https:\/\/www.agadir-oufella.ma\/fr\/#\/schema\/logo\/image\/","url":"https:\/\/www.agadir-oufella.ma\/wp-content\/uploads\/2023\/09\/LOGOAGOF.svg","contentUrl":"https:\/\/www.agadir-oufella.ma\/wp-content\/uploads\/2023\/09\/LOGOAGOF.svg","width":150,"height":150,"caption":"Kasbah d&#039;Agadir Oufella"},"image":{"@id":"https:\/\/www.agadir-oufella.ma\/fr\/#\/schema\/logo\/image\/"}}]}},"_links":{"self":[{"href":"https:\/\/www.agadir-oufella.ma\/fr\/wp-json\/wp\/v2\/pages\/115","targetHints":{"allow":["GET"]}}],"collection":[{"href":"https:\/\/www.agadir-oufella.ma\/fr\/wp-json\/wp\/v2\/pages"}],"about":[{"href":"https:\/\/www.agadir-oufella.ma\/fr\/wp-json\/wp\/v2\/types\/page"}],"author":[{"embeddable":true,"href":"https:\/\/www.agadir-oufella.ma\/fr\/wp-json\/wp\/v2\/users\/1"}],"replies":[{"embeddable":true,"href":"https:\/\/www.agadir-oufella.ma\/fr\/wp-json\/wp\/v2\/comments?post=115"}],"version-history":[{"count":19,"href":"https:\/\/www.agadir-oufella.ma\/fr\/wp-json\/wp\/v2\/pages\/115\/revisions"}],"predecessor-version":[{"id":9744,"href":"https:\/\/www.agadir-oufella.ma\/fr\/wp-json\/wp\/v2\/pages\/115\/revisions\/9744"}],"wp:attachment":[{"href":"https:\/\/www.agadir-oufella.ma\/fr\/wp-json\/wp\/v2\/media?parent=115"}],"curies":[{"name":"wp","href":"https:\/\/api.w.org\/{rel}","templated":true}]}}