
{"id":602,"date":"2022-07-25T12:34:27","date_gmt":"2022-07-25T11:34:27","guid":{"rendered":"https:\/\/www.agadir-oufella.ma\/?page_id=602"},"modified":"2024-04-29T11:27:44","modified_gmt":"2024-04-29T10:27:44","slug":"restauration-agadir-oufella","status":"publish","type":"page","link":"https:\/\/www.agadir-oufella.ma\/fr\/restauration-agadir-oufella\/","title":{"rendered":"Restauration d\u2019Agadir Oufella"},"content":{"rendered":"<section class=\"topbar\">\n    <picture>\n                  <img loading=\"lazy\" decoding=\"async\" src=\"https:\/\/www.agadir-oufella.ma\/wp-content\/uploads\/2022\/07\/topbar.jpg\" alt=\"Kasbah d'Agadir Oufella\" width=\"1920\" height=\"297\" \/>\n            <\/picture>\n<\/section>\n<ol class=\"breadcrumb\" itemscope itemtype=\"http:\/\/schema.org\/BreadcrumbList\"><li itemprop=\"itemListElement\" itemscope itemtype=\"http:\/\/schema.org\/ListItem\"><a itemprop=\"item\" href=\"https:\/\/www.agadir-oufella.ma\/fr\/\">Accueil<span itemprop='name'>  <\/span><\/a><span itemprop='position' content='1'>&gt;<\/span><\/li><\/ol>\n\n<section class=\"intro\" data-aos=\"fade-up\">\n        <h1> La renaissance d\u2019Agadir Oufella <\/h1>\n        <div >\n        <p>Apr\u00e8s soixante ans depuis le tremblement de terre, une d\u00e9cision a \u00e9t\u00e9 prise pour redonner vie \u00e0 ce lieu symbolique de l&rsquo;histoire du Maroc, en respectant les protocoles internationaux pour la restauration du patrimoine post-catastrophe et en utilisant les derni\u00e8res technologies patrimoniales. L&rsquo;objectif est de permettre aux visiteurs de d\u00e9couvrir et de se recueillir sur le site.<\/p>\n    <\/div>\n<\/section>\n\n\n\n\n<div style=\"height:20px\" aria-hidden=\"true\" class=\"wp-block-spacer\"><\/div>\n\n\n<section class=\"citation\">\n  <figure class=\"wrapper\">\n    <picture>\n      <img class=\"lazyload\" data-src=\"https:\/\/www.agadir-oufella.ma\/wp-content\/uploads\/2023\/04\/agof-vue-aerienne.jpg\" width=\"645\" height=\"400\" alt=\"\" decoding=\"async\" draggable=\"false\" \/>\n    <\/picture>\n    <blockquote>\n        <p><span class=\"quote-sign\">\u201c<\/span><\/p>\n          <p>Le Programme Royal de D\u00e9veloppement Urbain d&rsquo;Agadir 2020-2024, adopt\u00e9 le 4 f\u00e9vrier 2020 sous la pr\u00e9sidence de Sa Majest\u00e9 le Roi Mohammed VI, a permis de mobiliser un budget de 120 millions de dirhams pour restaurer la Kasbah d&rsquo;Agadir Oufella. Cette kasbah repr\u00e9sente une partie importante de l&rsquo;histoire du Royaume et cette initiative vise \u00e0 la pr\u00e9server en tant que patrimoine culturel.<\/p>\n    <\/blockquote>\n  <\/figure>\n<\/section>\n\n\n\n<div style=\"height:10px\" aria-hidden=\"true\" class=\"wp-block-spacer\"><\/div>\n\n\n<section class=\"restauration\">\n  <div class=\"wrapper\">\n\n          <h2 class=\"title\">Arch\u00e9ologie pr\u00e9ventive et fouilles arch\u00e9ologiques<\/h2>\n    \n    <div class=\"desc\">\n      <p>L&rsquo;arch\u00e9ologie pr\u00e9ventive a pour objectif principal d&rsquo;\u00e9tudier les vestiges qui risquent d&rsquo;\u00eatre d\u00e9truits lors de travaux d&rsquo;urgence. Cette discipline permet non seulement d&rsquo;identifier l&rsquo;h\u00e9ritage patrimonial, mais \u00e9galement de documenter scientifiquement chaque intervention.<\/p>\n<p>Dans le cadre du projet de r\u00e9habilitation du site d&rsquo;Agadir Oufella, l&rsquo;arch\u00e9ologie pr\u00e9ventive a jou\u00e9 un r\u00f4le cl\u00e9 dans la v\u00e9rification de l&rsquo;exactitude des murs, des fondations et dans l&rsquo;adaptation du projet de restauration \u00e0 la lumi\u00e8re des d\u00e9couvertes arch\u00e9ologiques.<\/p>\n<p>Apr\u00e8s avoir examin\u00e9 de nombreuses photographies anciennes et effectu\u00e9 des relev\u00e9s et des plans pendant trois ans, l&rsquo;architecte et d&rsquo;autres experts ont propos\u00e9 des hypoth\u00e8ses sur les interventions possibles sur le site.<\/p>\n<p>Gr\u00e2ce \u00e0 la stratigraphie, aux sondages arch\u00e9ologiques et aux pr\u00e9l\u00e8vements multiples, une chronologie constructive sur au moins cinq si\u00e8cles a \u00e9t\u00e9 reconstruite, ce qui a permis de mettre en perspective les grands moments historiques de la forteresse.<\/p>\n    <\/div>\n    \n                  <div class=\"cols\">\n          <picture>\n            <img class=\"lazyload\" data-src=\"https:\/\/www.agadir-oufella.ma\/wp-content\/uploads\/2022\/08\/fouilles-archeologiques-1.jpg\" width=\"634\" height=\"419\" alt=\"fouilles arch\u00e9ologiques\" decoding=\"async\" draggable=\"false\" \/>\n          <\/picture>\n          <picture>\n            <img class=\"lazyload\" data-src=\"https:\/\/www.agadir-oufella.ma\/wp-content\/uploads\/2022\/08\/fouilles-archeologiques-2.jpg\" width=\"634\" height=\"419\" alt=\"fouilles arch\u00e9ologiques\" decoding=\"async\" draggable=\"false\" \/>\n          <\/picture>\n        <\/div>\n            <\/div>\n<\/section>\n\n\n\n<div style=\"height:60px\" aria-hidden=\"true\" class=\"wp-block-spacer\"><\/div>\n\n\n<section class=\"texte-savoir-plus\">\n    <div class=\"wrapper\">\n        <picture>\n            <img class=\"lazyload\" data-src=\"https:\/\/www.agadir-oufella.ma\/wp-content\/uploads\/2022\/07\/mur-est-historique.jpg\" width=\"1920\" height=\"462\" alt=\"Mur est\" decoding=\"async\" draggable=\"false\" \/>\n        <\/picture>\n        <div class=\"content\" data-aos=\"fade-down\">\n                          <h2 class=\"title\"> Le Mur Est, un mur charg\u00e9 d&rsquo;histoire, affiche les marques du temps. <\/h2>\n                        <p>\n                Les murs portent en eux la m\u00e9moire de leur pass\u00e9, que ce soit \u00e0 travers leurs irr\u00e9gularit\u00e9s ou leur mat\u00e9rialit\u00e9, qui t\u00e9moignent de la mani\u00e8re dont ils ont \u00e9t\u00e9 construits. Dans le cas de ce lieu de souvenir, o\u00f9 les survivants ont perdu une partie de leur famille, il \u00e9tait important de mettre en \u00e9vidence cette m\u00e9moire du traumatisme.<br><br>\r\n\r\nLes murs historiques pr\u00e9sentent souvent des signes de leur \u00e2ge, tels que des r\u00e9parations, des patines qui ont r\u00e9sist\u00e9, de la chaux ancienne, ou encore des parties qui ont surv\u00e9cu \u00e0 des \u00e9v\u00e9nements pass\u00e9s, comme un tremblement de terre. Malgr\u00e9 son histoire tourment\u00e9e, le monument continue de r\u00e9sister \u00e0 l&rsquo;\u00e9preuve du temps et offre, contre toute attente, des le\u00e7ons d&rsquo;histoire pr\u00e9cieuses.            <\/p>\n                    <\/div>\n    <\/div>\n<\/section>\n\n\n\n<div style=\"height:40px\" aria-hidden=\"true\" class=\"wp-block-spacer\"><\/div>\n\n\n<section class=\"columns\">\n      <div class=\"wrapper\">\n                                  <figure class=\"column\">\n                  <picture>\n                      <img class=\"lazyload\" data-src=\"https:\/\/www.agadir-oufella.ma\/wp-content\/uploads\/2024\/04\/mur-est-1-613x539.jpg\" width=\"613\" height=\"539\" alt=\"\" decoding=\"async\" draggable=\"false\" \/>\n                  <\/picture>\n                  <figcaption class=\"desc\">\n                    <h3 class=\"title\"> La restauration du Mur Est <\/h3>\n                    <p>Pour assurer une restitution pr\u00e9cise du mur Est, les mat\u00e9riaux utilis\u00e9s ainsi que les caract\u00e9ristiques architecturales et historiques ont \u00e9t\u00e9 minutieusement \u00e9tudi\u00e9s et document\u00e9s. Avant d&rsquo;entreprendre la restauration, des fouilles pr\u00e9ventives ont \u00e9t\u00e9 men\u00e9es pour permettre de comprendre la stratigraphie des murs du rempart. Ces fouilles ont permis de d\u00e9couvrir plusieurs couches stratigraphiques jusqu&rsquo;\u00e0 la roche-m\u00e8re, ainsi que des objets arch\u00e9ologiques offrant des indices sur les modes de vie pass\u00e9s dans cette partie des remparts.<\/p>\n                  <\/figcaption>\n              <\/figure>\n                          <figure class=\"column\">\n                  <picture>\n                      <img class=\"lazyload\" data-src=\"https:\/\/www.agadir-oufella.ma\/wp-content\/uploads\/2022\/08\/Mur-Est-le-cerne-memoriel-613x539.jpg\" width=\"613\" height=\"539\" alt=\"Mur Est le cerne m\u00e9moriel\" decoding=\"async\" draggable=\"false\" \/>\n                  <\/picture>\n                  <figcaption class=\"desc\">\n                    <h3 class=\"title\"> Le Mur Est, une empreinte m\u00e9morielle intemporelle. <\/h3>\n                    <p>Pour distinguer les parties inf\u00e9rieures du mur qui ont r\u00e9sist\u00e9 au tremblement de terre des parties sup\u00e9rieures restitu\u00e9es lors du projet de mise en patrimoine (2020-2024), un traitement de la fa\u00e7ade a \u00e9t\u00e9 choisi. Lors de l&rsquo;\u00e9tape de l&rsquo;application de l&rsquo;enduit \u00e0 la chaux, les parties du mur qui ont r\u00e9sist\u00e9 au tremblement de terre ont \u00e9t\u00e9 diff\u00e9renci\u00e9es de celles qui ont \u00e9t\u00e9 reconstruites \u00e0 l&rsquo;identique.<\/p>\n<p>Deux laits de chaux ont \u00e9t\u00e9 appliqu\u00e9s, l&rsquo;un avec une teinte plus soutenue pour la partie originale et l&rsquo;autre avec une teinte immacul\u00e9e pour la reconstruction r\u00e9cente.<\/p>\n                  <\/figcaption>\n              <\/figure>\n                        <\/div>\n  <\/section>\n\n\n\n<div style=\"height:60px\" aria-hidden=\"true\" class=\"wp-block-spacer\"><\/div>\n\n\n<section class=\"texte-visuel-2orientations minimalist\">\n    <div class=\"wrapper\" >\n        <div class=\"_column\" data-aos=\"fade-left\">\n            <h3 class=\"title\">La r\u00e9habilitation du Mur Sud<\/h3>\n            <p>Le Mur Sud de la forteresse d&rsquo;Agadir Oufella a \u00e9t\u00e9 partiellement d\u00e9truit lors du tremblement de terre de 1960, entra\u00eenant une profonde d\u00e9t\u00e9rioration de toutes ses structures. Dans le cadre des travaux de restauration de la forteresse dans les ann\u00e9es 1990, le mur a \u00e9t\u00e9 enti\u00e8rement reconstruit en utilisant des mat\u00e9riaux composites tels que des pierres plac\u00e9es sur une structure en b\u00e9ton arm\u00e9 avec des cha\u00eenages r\u00e9guliers. Cette structure contenait \u00e9galement des \u00e9l\u00e9ments de pis\u00e9 originaux. La partie proche de la porte pr\u00e9sentait des d\u00e9gradations importantes avec des effondrements partiels et des \u00e9l\u00e9ments de pierre et de blocage d\u00e9sarticul\u00e9s.<\/p>\n<p>&nbsp;<\/p>\n<p>Ainsi, lors de la r\u00e9habilitation du site de 2020 \u00e0 2024, le mur a \u00e9t\u00e9 enti\u00e8rement restaur\u00e9 en se basant sur une section arch\u00e9ologique clairement visible, permettant de guider sa restitution int\u00e9grale.<\/p>\n        <\/div>\n        <picture class=\"_column\">\n            <img class=\"lazyload\" data-aos=\"fade-right\" data-src=\"https:\/\/www.agadir-oufella.ma\/wp-content\/uploads\/2022\/07\/rehabilitation-mur-sud.jpg\" width=\"674\" height=\"449\"\n            alt=\"rehabilitation du mur sud\" decoding=\"async\" draggable=\"false\" \/>\n        <\/picture>\n    <\/div>\n<\/section>\n\n\n\n<div style=\"height:60px\" aria-hidden=\"true\" class=\"wp-block-spacer\"><\/div>\n\n\n<section class=\"texte-visuel-2orientations minimalist  inverse\">\n    <div class=\"wrapper\" data-aos=\"fade-right\">\n        <div class=\"_column\" >\n            <h3 class=\"title\">Le Borj Sud-Est, la restauration<\/h3>\n            <p>Au cours de sa r\u00e9habilitation, la fouille arch\u00e9ologique a r\u00e9v\u00e9l\u00e9 plusieurs p\u00e9riodes d&rsquo;occupation de la tour, dont la plus ancienne \u00e9tait construite en pis\u00e9 stabilis\u00e9 \u00e0 la chaux et ressemblait aux pis\u00e9s saadiens de Taroudannt. Des failles sismiques caract\u00e9ristiques ont fissur\u00e9 le pis\u00e9 sans l&rsquo;effondrer, et des contreforts en pierre ont \u00e9t\u00e9 ajout\u00e9s \u00e0 la tour au fil des si\u00e8cles pour la soutenir sans avoir \u00e0 la reconstruire enti\u00e8rement.<\/p>\n<p>Lors du tremblement de terre, les bases de cette tour de pis\u00e9 bastionn\u00e9e et trapue sont rest\u00e9es intactes, et elles sont encore visibles aujourd&rsquo;hui. En 1998, lors de la reconstruction, l&rsquo;ancien bastion ayant surv\u00e9cu au tremblement de terre a \u00e9t\u00e9 enferm\u00e9 dans un sarcophage de b\u00e9ton et de pierre, qui a \u00e9t\u00e9 d\u00e9couvert lors du d\u00e9montage en 2021. Dans la restauration qui a suivi, tous les anciens enduits ont \u00e9t\u00e9 conserv\u00e9s et mis en valeur pour t\u00e9moigner des stigmates de l&rsquo;histoire mouvement\u00e9e du Borj.<\/p>\n        <\/div>\n        <picture class=\"_column\">\n            <img class=\"lazyload\" data-aos=\"fade-right\" data-src=\"https:\/\/www.agadir-oufella.ma\/wp-content\/uploads\/2022\/07\/borj-mur-sud-restauration.jpg\" width=\"674\" height=\"449\"\n            alt=\"Borj du mur sud\" decoding=\"async\" draggable=\"false\" \/>\n        <\/picture>\n    <\/div>\n<\/section>\n\n\n\n<div style=\"height:60px\" aria-hidden=\"true\" class=\"wp-block-spacer\"><\/div>\n\n\n<section class=\"apropos\">\n    <div class=\"wrapper\">\n        <div class=\"_column\" data-aos=\"fade-right\">\n            <div class=\"feature\">\n                <img loading=\"lazy\" id=\"feature\" data-trigger=\"lightgallery-item0\" src=\"https:\/\/www.agadir-oufella.ma\/wp-content\/uploads\/2022\/07\/mur-paras-gal-1.jpg\" width=\"715\" height=\"569\" alt=\"\" decoding=\"async\" draggable=\"false\" \/>\n            <\/div>\n                        <div class=\"thumbnails\" dir=\"ltr\">\n                <ul id=\"lightgallery\" data-slider data-slideBy=\"1\" data-gutter=\"12\" data-drag=\"true\" data-controls=\"true\" data-breakpoints=\"0\" data-items=\"4\">\n                                          <li>\n                          <img class=\"lazyload\" data-src=\"https:\/\/www.agadir-oufella.ma\/wp-content\/uploads\/2022\/07\/mur-paras-gal-1.jpg\" width=\"136\" height=\"138\" alt=\"\" decoding=\"async\" loading=\"lazy\" draggable=\"false\" \/>\n                      <\/li>\n                                          <li>\n                          <img class=\"lazyload\" data-src=\"https:\/\/www.agadir-oufella.ma\/wp-content\/uploads\/2022\/07\/mur-paras-gal-2.jpg\" width=\"136\" height=\"138\" alt=\"\" decoding=\"async\" loading=\"lazy\" draggable=\"false\" \/>\n                      <\/li>\n                                          <li>\n                          <img class=\"lazyload\" data-src=\"https:\/\/www.agadir-oufella.ma\/wp-content\/uploads\/2022\/07\/mur-paras-gal-3.jpg\" width=\"136\" height=\"138\" alt=\"\" decoding=\"async\" loading=\"lazy\" draggable=\"false\" \/>\n                      <\/li>\n                                          <li>\n                          <img class=\"lazyload\" data-src=\"https:\/\/www.agadir-oufella.ma\/wp-content\/uploads\/2022\/07\/mur-paras-gal-4.jpg\" width=\"136\" height=\"138\" alt=\"\" decoding=\"async\" loading=\"lazy\" draggable=\"false\" \/>\n                      <\/li>\n                                    <\/ul>\n            <\/div>\n                    <\/div>\n        <div class=\"_column\" data-aos=\"fade-left\">\n                      <span class=\"label\">Hommage<\/span>\n                                    <span class=\"title\"> Murs parasismiques en hommage aux victimes <\/span>\n                        <div class=\"desc\">\n            <p>Les murs de la plateforme d&rsquo;accueil ont \u00e9t\u00e9 construits en utilisant des techniques constructives durables et des proc\u00e9d\u00e9s de mise en \u0153uvre qui ont abouti \u00e0 une conception parasismique. Ils ont \u00e9t\u00e9 mont\u00e9s progressivement \u00e0 l&rsquo;horizontale, couche par couche et \u00e0 double paroi, en alternant les couches de ma\u00e7onneries en pierre s\u00e8che et en bois sans aucun mortier. Ce mur parasismique est construit en posant deux poutres murales en bois parall\u00e8les l&rsquo;une \u00e0 l&rsquo;autre, d\u00e9finissant ainsi la largeur du mur. Les \u00e9l\u00e9ments de bordure sont ensuite assembl\u00e9s par recouvrement et fix\u00e9s par une entretoise de bois formant un harpage de l&rsquo;ensemble. En cas de s\u00e9isme, les murs se d\u00e9forment et se repositionnent pour att\u00e9nuer les d\u00e9g\u00e2ts.<\/p>\n<p>&nbsp;<\/p>\n<p>Cette disposition est un syst\u00e8me parasismique couramment utilis\u00e9 dans l&rsquo;Himalaya et des \u00e9quivalents existent dans les hautes vall\u00e9es pr\u00e9sahariennes du Maroc.<\/p>\n<p>&nbsp;<\/p>\n<p>Pour des raisons de s\u00e9curit\u00e9, une structure m\u00e9tallique a \u00e9t\u00e9 ajout\u00e9e \u00e0 l&rsquo;int\u00e9rieur du b\u00e2timent, assembl\u00e9e selon des normes parasismiques \u00e9galement.<\/p>\n                                    <\/div>\n        <\/div>\n    <\/div>\n<\/section>\n\n\n\n<div style=\"height:60px\" aria-hidden=\"true\" class=\"wp-block-spacer\"><\/div>\n\n\n<section class=\"texte-visuel-2orientations bg inverse\">\n    <div class=\"wrapper\" data-aos=\"fade-right\">\n        <div class=\"_column\" >\n            <h2 class=\"title\">Le platelage, un moyen novateur de d\u00e9couvrir le site.<\/h2>\n            <div >\n                <p>Afin de faire d\u00e9couvrir aux visiteurs la ville disparue, un parcours sur platelage a \u00e9t\u00e9 cr\u00e9\u00e9 pour retracer l&rsquo;historique des anciennes rues, places et ruelles de la citadelle d&rsquo;Agadir Oufella jusqu&rsquo;en 1960. Ce parcours a \u00e9t\u00e9 \u00e9labor\u00e9 gr\u00e2ce \u00e0 l&rsquo;aide de cartes et de photos a\u00e9riennes datant d&rsquo;avant le tremblement de terre, ainsi qu&rsquo;\u00e0 une analyse urbaine.<\/p>\n<p>Compte tenu de la trag\u00e9die v\u00e9cue par la Kasbah d&rsquo;Agadir Oufella lors du s\u00e9isme de 1960, il \u00e9tait crucial de respecter la m\u00e9moire des victimes en cr\u00e9ant un platelage de circulation permettant de parcourir les lieux sans fouler le sol. Le parcours est construit comme un r\u00e9seau de passerelles en bois, avec des \u00e9tapes ponctu\u00e9es de photos d&rsquo;archives et d&rsquo;explications, et se termine par un m\u00e9morial en hommage aux personnes disparues.<\/p>\n            <\/div>\n        <\/div>\n        <picture class=\"_column\">\n            <img class=\"lazyload\" data-aos=\"fade-right\" data-src=\"https:\/\/www.agadir-oufella.ma\/wp-content\/uploads\/2022\/08\/platelage-763x539.jpg\" width=\"763\" height=\"539\"\n            alt=\"Platelage\" decoding=\"async\" draggable=\"false\" \/>\n        <\/picture>\n    <\/div>\n<\/section>\n\n\n\n<div style=\"height:40px\" aria-hidden=\"true\" class=\"wp-block-spacer\"><\/div>\n","protected":false},"excerpt":{"rendered":"","protected":false},"author":1,"featured_media":0,"parent":0,"menu_order":67,"comment_status":"closed","ping_status":"closed","template":"","meta":{"inline_featured_image":false,"footnotes":""},"class_list":["post-602","page","type-page","status-publish","hentry"],"yoast_head":"<!-- This site is optimized with the Yoast SEO plugin v25.0 - https:\/\/yoast.com\/wordpress\/plugins\/seo\/ -->\n<title>Restauration d\u2019Agadir Oufella - Kasbah d&#039;Agadir Oufella<\/title>\n<meta name=\"description\" content=\"D\u00e9couvrez toutes les \u00e9tapes cl\u00e9s de restauration et la r\u00e9habilitation de la Kasbah Agadir Oufella autant que site historique de la ville.\" \/>\n<meta name=\"robots\" content=\"index, follow, max-snippet:-1, max-image-preview:large, max-video-preview:-1\" \/>\n<link rel=\"canonical\" href=\"https:\/\/www.agadir-oufella.ma\/fr\/restauration-agadir-oufella\/\" \/>\n<meta property=\"og:locale\" content=\"fr_FR\" \/>\n<meta property=\"og:type\" content=\"article\" \/>\n<meta property=\"og:title\" content=\"Restauration d\u2019Agadir Oufella - Kasbah d&#039;Agadir Oufella\" \/>\n<meta property=\"og:description\" content=\"D\u00e9couvrez toutes les \u00e9tapes cl\u00e9s de restauration et la r\u00e9habilitation de la Kasbah Agadir Oufella autant que site historique de la ville.\" \/>\n<meta property=\"og:url\" content=\"https:\/\/www.agadir-oufella.ma\/fr\/restauration-agadir-oufella\/\" \/>\n<meta property=\"og:site_name\" content=\"Kasbah d&#039;Agadir Oufella\" \/>\n<meta property=\"article:modified_time\" content=\"2024-04-29T10:27:44+00:00\" \/>\n<meta name=\"twitter:card\" content=\"summary_large_image\" \/>\n<script type=\"application\/ld+json\" class=\"yoast-schema-graph\">{\"@context\":\"https:\/\/schema.org\",\"@graph\":[{\"@type\":\"WebPage\",\"@id\":\"https:\/\/www.agadir-oufella.ma\/fr\/restauration-agadir-oufella\/\",\"url\":\"https:\/\/www.agadir-oufella.ma\/fr\/restauration-agadir-oufella\/\",\"name\":\"Restauration d\u2019Agadir Oufella - Kasbah d&#039;Agadir Oufella\",\"isPartOf\":{\"@id\":\"https:\/\/www.agadir-oufella.ma\/fr\/#website\"},\"datePublished\":\"2022-07-25T11:34:27+00:00\",\"dateModified\":\"2024-04-29T10:27:44+00:00\",\"description\":\"D\u00e9couvrez toutes les \u00e9tapes cl\u00e9s de restauration et la r\u00e9habilitation de la Kasbah Agadir Oufella autant que site historique de la ville.\",\"breadcrumb\":{\"@id\":\"https:\/\/www.agadir-oufella.ma\/fr\/restauration-agadir-oufella\/#breadcrumb\"},\"inLanguage\":\"fr-FR\",\"potentialAction\":[{\"@type\":\"ReadAction\",\"target\":[\"https:\/\/www.agadir-oufella.ma\/fr\/restauration-agadir-oufella\/\"]}]},{\"@type\":\"BreadcrumbList\",\"@id\":\"https:\/\/www.agadir-oufella.ma\/fr\/restauration-agadir-oufella\/#breadcrumb\",\"itemListElement\":[{\"@type\":\"ListItem\",\"position\":1,\"name\":\"Accueil\",\"item\":\"https:\/\/www.agadir-oufella.ma\/fr\/\"},{\"@type\":\"ListItem\",\"position\":2,\"name\":\"Restauration d\u2019Agadir Oufella\"}]},{\"@type\":\"WebSite\",\"@id\":\"https:\/\/www.agadir-oufella.ma\/fr\/#website\",\"url\":\"https:\/\/www.agadir-oufella.ma\/fr\/\",\"name\":\"Kasbah d&#039;Agadir Oufella\",\"description\":\"\",\"publisher\":{\"@id\":\"https:\/\/www.agadir-oufella.ma\/fr\/#organization\"},\"potentialAction\":[{\"@type\":\"SearchAction\",\"target\":{\"@type\":\"EntryPoint\",\"urlTemplate\":\"https:\/\/www.agadir-oufella.ma\/fr\/?s={search_term_string}\"},\"query-input\":{\"@type\":\"PropertyValueSpecification\",\"valueRequired\":true,\"valueName\":\"search_term_string\"}}],\"inLanguage\":\"fr-FR\"},{\"@type\":\"Organization\",\"@id\":\"https:\/\/www.agadir-oufella.ma\/fr\/#organization\",\"name\":\"Kasbah d&#039;Agadir Oufella\",\"url\":\"https:\/\/www.agadir-oufella.ma\/fr\/\",\"logo\":{\"@type\":\"ImageObject\",\"inLanguage\":\"fr-FR\",\"@id\":\"https:\/\/www.agadir-oufella.ma\/fr\/#\/schema\/logo\/image\/\",\"url\":\"https:\/\/www.agadir-oufella.ma\/wp-content\/uploads\/2023\/09\/LOGOAGOF.svg\",\"contentUrl\":\"https:\/\/www.agadir-oufella.ma\/wp-content\/uploads\/2023\/09\/LOGOAGOF.svg\",\"width\":150,\"height\":150,\"caption\":\"Kasbah d&#039;Agadir Oufella\"},\"image\":{\"@id\":\"https:\/\/www.agadir-oufella.ma\/fr\/#\/schema\/logo\/image\/\"}}]}<\/script>\n<!-- \/ Yoast SEO plugin. -->","yoast_head_json":{"title":"Restauration d\u2019Agadir Oufella - Kasbah d&#039;Agadir Oufella","description":"D\u00e9couvrez toutes les \u00e9tapes cl\u00e9s de restauration et la r\u00e9habilitation de la Kasbah Agadir Oufella autant que site historique de la ville.","robots":{"index":"index","follow":"follow","max-snippet":"max-snippet:-1","max-image-preview":"max-image-preview:large","max-video-preview":"max-video-preview:-1"},"canonical":"https:\/\/www.agadir-oufella.ma\/fr\/restauration-agadir-oufella\/","og_locale":"fr_FR","og_type":"article","og_title":"Restauration d\u2019Agadir Oufella - Kasbah d&#039;Agadir Oufella","og_description":"D\u00e9couvrez toutes les \u00e9tapes cl\u00e9s de restauration et la r\u00e9habilitation de la Kasbah Agadir Oufella autant que site historique de la ville.","og_url":"https:\/\/www.agadir-oufella.ma\/fr\/restauration-agadir-oufella\/","og_site_name":"Kasbah d&#039;Agadir Oufella","article_modified_time":"2024-04-29T10:27:44+00:00","twitter_card":"summary_large_image","schema":{"@context":"https:\/\/schema.org","@graph":[{"@type":"WebPage","@id":"https:\/\/www.agadir-oufella.ma\/fr\/restauration-agadir-oufella\/","url":"https:\/\/www.agadir-oufella.ma\/fr\/restauration-agadir-oufella\/","name":"Restauration d\u2019Agadir Oufella - Kasbah d&#039;Agadir Oufella","isPartOf":{"@id":"https:\/\/www.agadir-oufella.ma\/fr\/#website"},"datePublished":"2022-07-25T11:34:27+00:00","dateModified":"2024-04-29T10:27:44+00:00","description":"D\u00e9couvrez toutes les \u00e9tapes cl\u00e9s de restauration et la r\u00e9habilitation de la Kasbah Agadir Oufella autant que site historique de la ville.","breadcrumb":{"@id":"https:\/\/www.agadir-oufella.ma\/fr\/restauration-agadir-oufella\/#breadcrumb"},"inLanguage":"fr-FR","potentialAction":[{"@type":"ReadAction","target":["https:\/\/www.agadir-oufella.ma\/fr\/restauration-agadir-oufella\/"]}]},{"@type":"BreadcrumbList","@id":"https:\/\/www.agadir-oufella.ma\/fr\/restauration-agadir-oufella\/#breadcrumb","itemListElement":[{"@type":"ListItem","position":1,"name":"Accueil","item":"https:\/\/www.agadir-oufella.ma\/fr\/"},{"@type":"ListItem","position":2,"name":"Restauration d\u2019Agadir Oufella"}]},{"@type":"WebSite","@id":"https:\/\/www.agadir-oufella.ma\/fr\/#website","url":"https:\/\/www.agadir-oufella.ma\/fr\/","name":"Kasbah d&#039;Agadir Oufella","description":"","publisher":{"@id":"https:\/\/www.agadir-oufella.ma\/fr\/#organization"},"potentialAction":[{"@type":"SearchAction","target":{"@type":"EntryPoint","urlTemplate":"https:\/\/www.agadir-oufella.ma\/fr\/?s={search_term_string}"},"query-input":{"@type":"PropertyValueSpecification","valueRequired":true,"valueName":"search_term_string"}}],"inLanguage":"fr-FR"},{"@type":"Organization","@id":"https:\/\/www.agadir-oufella.ma\/fr\/#organization","name":"Kasbah d&#039;Agadir Oufella","url":"https:\/\/www.agadir-oufella.ma\/fr\/","logo":{"@type":"ImageObject","inLanguage":"fr-FR","@id":"https:\/\/www.agadir-oufella.ma\/fr\/#\/schema\/logo\/image\/","url":"https:\/\/www.agadir-oufella.ma\/wp-content\/uploads\/2023\/09\/LOGOAGOF.svg","contentUrl":"https:\/\/www.agadir-oufella.ma\/wp-content\/uploads\/2023\/09\/LOGOAGOF.svg","width":150,"height":150,"caption":"Kasbah d&#039;Agadir Oufella"},"image":{"@id":"https:\/\/www.agadir-oufella.ma\/fr\/#\/schema\/logo\/image\/"}}]}},"_links":{"self":[{"href":"https:\/\/www.agadir-oufella.ma\/fr\/wp-json\/wp\/v2\/pages\/602","targetHints":{"allow":["GET"]}}],"collection":[{"href":"https:\/\/www.agadir-oufella.ma\/fr\/wp-json\/wp\/v2\/pages"}],"about":[{"href":"https:\/\/www.agadir-oufella.ma\/fr\/wp-json\/wp\/v2\/types\/page"}],"author":[{"embeddable":true,"href":"https:\/\/www.agadir-oufella.ma\/fr\/wp-json\/wp\/v2\/users\/1"}],"replies":[{"embeddable":true,"href":"https:\/\/www.agadir-oufella.ma\/fr\/wp-json\/wp\/v2\/comments?post=602"}],"version-history":[{"count":148,"href":"https:\/\/www.agadir-oufella.ma\/fr\/wp-json\/wp\/v2\/pages\/602\/revisions"}],"predecessor-version":[{"id":11492,"href":"https:\/\/www.agadir-oufella.ma\/fr\/wp-json\/wp\/v2\/pages\/602\/revisions\/11492"}],"wp:attachment":[{"href":"https:\/\/www.agadir-oufella.ma\/fr\/wp-json\/wp\/v2\/media?parent=602"}],"curies":[{"name":"wp","href":"https:\/\/api.w.org\/{rel}","templated":true}]}}