
{"id":606,"date":"2022-07-25T12:35:09","date_gmt":"2022-07-25T11:35:09","guid":{"rendered":"https:\/\/www.agadir-oufella.ma\/?page_id=606"},"modified":"2023-06-15T12:32:04","modified_gmt":"2023-06-15T11:32:04","slug":"telepherique-agadir","status":"publish","type":"page","link":"https:\/\/www.agadir-oufella.ma\/fr\/telepherique-agadir\/","title":{"rendered":"T\u00e9l\u00e9ph\u00e9rique"},"content":{"rendered":"<section class=\"topbar\">\n    <picture>\n                  <img loading=\"lazy\" decoding=\"async\" src=\"https:\/\/www.agadir-oufella.ma\/wp-content\/uploads\/2022\/07\/topbar.jpg\" alt=\"Kasbah d'Agadir Oufella\" width=\"1920\" height=\"297\" \/>\n            <\/picture>\n<\/section>\n<ol class=\"breadcrumb\" itemscope itemtype=\"http:\/\/schema.org\/BreadcrumbList\"><li itemprop=\"itemListElement\" itemscope itemtype=\"http:\/\/schema.org\/ListItem\"><a itemprop=\"item\" href=\"https:\/\/www.agadir-oufella.ma\/fr\/\">Accueil<span itemprop='name'>  <\/span><\/a><span itemprop='position' content='1'>&gt;<\/span><\/li><\/ol>\n\n<section class=\"intro\" data-aos=\"fade-up\">\n        <h1> Vue panoramique sur la baie d\u2019Agadir \u00e0 couper le souffle <\/h1>\n        <div >\n        <p>Montez \u00e0 bord du t\u00e9l\u00e9ph\u00e9rique d\u2019Agadir et profitez des vues a\u00e9riennes incroyables qui s&rsquo;offrent \u00e0 vous.<\/p>\n    <\/div>\n<\/section>\n\n\n\n\n<div style=\"height:20px\" aria-hidden=\"true\" class=\"wp-block-spacer\"><\/div>\n\n\n<section class=\"apropos\">\n    <div class=\"wrapper\">\n        <div class=\"_column\" data-aos=\"fade-right\">\n            <div class=\"feature\">\n                <img loading=\"lazy\" id=\"feature\" data-trigger=\"lightgallery-item0\" src=\"https:\/\/www.agadir-oufella.ma\/wp-content\/uploads\/2022\/07\/telepherique-agadir-gal-1.jpg\" width=\"715\" height=\"569\" alt=\"Telepherique Agadir\" decoding=\"async\" draggable=\"false\" \/>\n            <\/div>\n                        <div class=\"thumbnails\" dir=\"ltr\">\n                <ul id=\"lightgallery\" data-slider data-slideBy=\"1\" data-gutter=\"12\" data-drag=\"true\" data-controls=\"true\" data-breakpoints=\"0\" data-items=\"4\">\n                                          <li>\n                          <img class=\"lazyload\" data-src=\"https:\/\/www.agadir-oufella.ma\/wp-content\/uploads\/2022\/07\/telepherique-agadir-gal-1.jpg\" width=\"136\" height=\"138\" alt=\"Telepherique Agadir\" decoding=\"async\" loading=\"lazy\" draggable=\"false\" \/>\n                      <\/li>\n                                          <li>\n                          <img class=\"lazyload\" data-src=\"https:\/\/www.agadir-oufella.ma\/wp-content\/uploads\/2022\/07\/telepherique-agadir-gal-5.jpg\" width=\"136\" height=\"138\" alt=\"\" decoding=\"async\" loading=\"lazy\" draggable=\"false\" \/>\n                      <\/li>\n                                          <li>\n                          <img class=\"lazyload\" data-src=\"https:\/\/www.agadir-oufella.ma\/wp-content\/uploads\/2022\/07\/telepherique-agadir-gal-4.jpg\" width=\"136\" height=\"138\" alt=\"\" decoding=\"async\" loading=\"lazy\" draggable=\"false\" \/>\n                      <\/li>\n                                          <li>\n                          <img class=\"lazyload\" data-src=\"https:\/\/www.agadir-oufella.ma\/wp-content\/uploads\/2022\/07\/telepherique-agadir-gal-3.jpg\" width=\"136\" height=\"138\" alt=\"\" decoding=\"async\" loading=\"lazy\" draggable=\"false\" \/>\n                      <\/li>\n                                          <li>\n                          <img class=\"lazyload\" data-src=\"https:\/\/www.agadir-oufella.ma\/wp-content\/uploads\/2022\/07\/telepherique-agadir-gal-2.jpg\" width=\"136\" height=\"138\" alt=\"\" decoding=\"async\" loading=\"lazy\" draggable=\"false\" \/>\n                      <\/li>\n                                    <\/ul>\n            <\/div>\n                    <\/div>\n        <div class=\"_column\" data-aos=\"fade-left\">\n                      <span class=\"label\">A propos<\/span>\n                                    <h2 class=\"title\"> Le t\u00e9l\u00e9ph\u00e9rique d\u2019Agadir est le premier t\u00e9l\u00e9ph\u00e9rique au Maroc reliant la ville d\u2019Agadir \u00e0 sa Kasbah Agadir Oufella <\/h2>\n                        <div class=\"desc\">\n            <p>Les travaux, qui ont commenc\u00e9 d\u00e9but juillet 2021, ont \u00e9t\u00e9 effectu\u00e9s par le groupe suisse-autrichien \u00ab Garaventa Doppelmayr \u00bb, grand sp\u00e9cialiste du transport par c\u00e2ble.<\/p>\n<p>&nbsp;<\/p>\n<p>Le passage entre les deux gares du t\u00e9l\u00e9ph\u00e9rique, disposant de cabines d\u00e9bray\u00e9es, offre une vue panoramique sur la baie d\u2019Agadir. Sur un trajet de six minutes cumulant 1.700 m\u00e8tres, le t\u00e9l\u00e9ph\u00e9rique livre des vues imprenables, notamment sur l\u2019oc\u00e9an Atlantique et la promenade de la ville ainsi que son enceinte portuaire et ses anciens quartiers. En nocturne et gr\u00e2ce \u00e0 la lumi\u00e8re LED, les cabines illuminent le ciel.<\/p>\n<p>&nbsp;<\/p>\n<p>Une seconde ligne est \u00e9galement pr\u00e9vue, \u00e0 l\u2019horizon 2024, dans le cadre de la deuxi\u00e8me tranche de ce projet qui reliera Agadir Oufella au parc d\u2019attraction \u00ab <strong>Danialand<\/strong>\u00bb et le plus grand parc aquatique d\u2019Afrique. Le t\u00e9l\u00e9ph\u00e9rique d\u2019Agadir est le premier du genre au Maroc. Il apportera une renomm\u00e9e touristique \u00e0 la destination baln\u00e9aire d\u2019Agadir.<\/p>\n                                      <a href=\"https:\/\/danialand.com\/infos-pratiques\/\" target=\"_blank\" class=\"btn btn-primary\" target=\"_blank\">\n                  En savoir plus                  <svg xmlns=\"http:\/\/www.w3.org\/2000\/svg\" width=\"24\" height=\"20\" viewBox=\"0 0 24 20\">\n                      <path d=\"m14 0-1.43 1.393L20.15 9H0v2h20.15l-7.58 7.573L14 20l10-10L14 0Z\" \/>\n                  <\/svg>\n              <\/a>\n                        <\/div>\n        <\/div>\n    <\/div>\n<\/section>\n\n\n\n<div style=\"height:100px\" aria-hidden=\"true\" class=\"wp-block-spacer\"><\/div>\n\n\n\n<div style=\"height:40px\" aria-hidden=\"true\" class=\"wp-block-spacer\"><\/div>\n","protected":false},"excerpt":{"rendered":"","protected":false},"author":1,"featured_media":0,"parent":0,"menu_order":79,"comment_status":"closed","ping_status":"closed","template":"","meta":{"inline_featured_image":false,"footnotes":""},"class_list":["post-606","page","type-page","status-publish","hentry"],"yoast_head":"<!-- This site is optimized with the Yoast SEO plugin v25.0 - https:\/\/yoast.com\/wordpress\/plugins\/seo\/ -->\n<title>Le t\u00e9l\u00e9ph\u00e9rique d&#039;Agadir - Kasbah d&#039;Agadir Oufella<\/title>\n<meta name=\"description\" content=\"Profitez d&#039;une vue \u00e9poustouflante sur la baie d&#039;Agadir et ses 5 km de plages avec des montagnes qui r\u00e9v\u00e8lent l&#039;\u00e9tendue de l&#039;arganeraie.\" \/>\n<meta name=\"robots\" content=\"index, follow, max-snippet:-1, max-image-preview:large, max-video-preview:-1\" \/>\n<link rel=\"canonical\" href=\"https:\/\/www.agadir-oufella.ma\/fr\/telepherique-agadir\/\" \/>\n<meta property=\"og:locale\" content=\"fr_FR\" \/>\n<meta property=\"og:type\" content=\"article\" \/>\n<meta property=\"og:title\" content=\"Le t\u00e9l\u00e9ph\u00e9rique d&#039;Agadir - Kasbah d&#039;Agadir Oufella\" \/>\n<meta property=\"og:description\" content=\"Profitez d&#039;une vue \u00e9poustouflante sur la baie d&#039;Agadir et ses 5 km de plages avec des montagnes qui r\u00e9v\u00e8lent l&#039;\u00e9tendue de l&#039;arganeraie.\" \/>\n<meta property=\"og:url\" content=\"https:\/\/www.agadir-oufella.ma\/fr\/telepherique-agadir\/\" \/>\n<meta property=\"og:site_name\" content=\"Kasbah d&#039;Agadir Oufella\" \/>\n<meta property=\"article:modified_time\" content=\"2023-06-15T11:32:04+00:00\" \/>\n<meta name=\"twitter:card\" content=\"summary_large_image\" \/>\n<script type=\"application\/ld+json\" class=\"yoast-schema-graph\">{\"@context\":\"https:\/\/schema.org\",\"@graph\":[{\"@type\":\"WebPage\",\"@id\":\"https:\/\/www.agadir-oufella.ma\/fr\/telepherique-agadir\/\",\"url\":\"https:\/\/www.agadir-oufella.ma\/fr\/telepherique-agadir\/\",\"name\":\"Le t\u00e9l\u00e9ph\u00e9rique d'Agadir - Kasbah d&#039;Agadir Oufella\",\"isPartOf\":{\"@id\":\"https:\/\/www.agadir-oufella.ma\/fr\/#website\"},\"datePublished\":\"2022-07-25T11:35:09+00:00\",\"dateModified\":\"2023-06-15T11:32:04+00:00\",\"description\":\"Profitez d'une vue \u00e9poustouflante sur la baie d'Agadir et ses 5 km de plages avec des montagnes qui r\u00e9v\u00e8lent l'\u00e9tendue de l'arganeraie.\",\"breadcrumb\":{\"@id\":\"https:\/\/www.agadir-oufella.ma\/fr\/telepherique-agadir\/#breadcrumb\"},\"inLanguage\":\"fr-FR\",\"potentialAction\":[{\"@type\":\"ReadAction\",\"target\":[\"https:\/\/www.agadir-oufella.ma\/fr\/telepherique-agadir\/\"]}]},{\"@type\":\"BreadcrumbList\",\"@id\":\"https:\/\/www.agadir-oufella.ma\/fr\/telepherique-agadir\/#breadcrumb\",\"itemListElement\":[{\"@type\":\"ListItem\",\"position\":1,\"name\":\"Accueil\",\"item\":\"https:\/\/www.agadir-oufella.ma\/fr\/\"},{\"@type\":\"ListItem\",\"position\":2,\"name\":\"T\u00e9l\u00e9ph\u00e9rique\"}]},{\"@type\":\"WebSite\",\"@id\":\"https:\/\/www.agadir-oufella.ma\/fr\/#website\",\"url\":\"https:\/\/www.agadir-oufella.ma\/fr\/\",\"name\":\"Kasbah d&#039;Agadir Oufella\",\"description\":\"\",\"publisher\":{\"@id\":\"https:\/\/www.agadir-oufella.ma\/fr\/#organization\"},\"potentialAction\":[{\"@type\":\"SearchAction\",\"target\":{\"@type\":\"EntryPoint\",\"urlTemplate\":\"https:\/\/www.agadir-oufella.ma\/fr\/?s={search_term_string}\"},\"query-input\":{\"@type\":\"PropertyValueSpecification\",\"valueRequired\":true,\"valueName\":\"search_term_string\"}}],\"inLanguage\":\"fr-FR\"},{\"@type\":\"Organization\",\"@id\":\"https:\/\/www.agadir-oufella.ma\/fr\/#organization\",\"name\":\"Kasbah d&#039;Agadir Oufella\",\"url\":\"https:\/\/www.agadir-oufella.ma\/fr\/\",\"logo\":{\"@type\":\"ImageObject\",\"inLanguage\":\"fr-FR\",\"@id\":\"https:\/\/www.agadir-oufella.ma\/fr\/#\/schema\/logo\/image\/\",\"url\":\"https:\/\/www.agadir-oufella.ma\/wp-content\/uploads\/2023\/09\/LOGOAGOF.svg\",\"contentUrl\":\"https:\/\/www.agadir-oufella.ma\/wp-content\/uploads\/2023\/09\/LOGOAGOF.svg\",\"width\":150,\"height\":150,\"caption\":\"Kasbah d&#039;Agadir Oufella\"},\"image\":{\"@id\":\"https:\/\/www.agadir-oufella.ma\/fr\/#\/schema\/logo\/image\/\"}}]}<\/script>\n<!-- \/ Yoast SEO plugin. -->","yoast_head_json":{"title":"Le t\u00e9l\u00e9ph\u00e9rique d'Agadir - Kasbah d&#039;Agadir Oufella","description":"Profitez d'une vue \u00e9poustouflante sur la baie d'Agadir et ses 5 km de plages avec des montagnes qui r\u00e9v\u00e8lent l'\u00e9tendue de l'arganeraie.","robots":{"index":"index","follow":"follow","max-snippet":"max-snippet:-1","max-image-preview":"max-image-preview:large","max-video-preview":"max-video-preview:-1"},"canonical":"https:\/\/www.agadir-oufella.ma\/fr\/telepherique-agadir\/","og_locale":"fr_FR","og_type":"article","og_title":"Le t\u00e9l\u00e9ph\u00e9rique d'Agadir - Kasbah d&#039;Agadir Oufella","og_description":"Profitez d'une vue \u00e9poustouflante sur la baie d'Agadir et ses 5 km de plages avec des montagnes qui r\u00e9v\u00e8lent l'\u00e9tendue de l'arganeraie.","og_url":"https:\/\/www.agadir-oufella.ma\/fr\/telepherique-agadir\/","og_site_name":"Kasbah d&#039;Agadir Oufella","article_modified_time":"2023-06-15T11:32:04+00:00","twitter_card":"summary_large_image","schema":{"@context":"https:\/\/schema.org","@graph":[{"@type":"WebPage","@id":"https:\/\/www.agadir-oufella.ma\/fr\/telepherique-agadir\/","url":"https:\/\/www.agadir-oufella.ma\/fr\/telepherique-agadir\/","name":"Le t\u00e9l\u00e9ph\u00e9rique d'Agadir - Kasbah d&#039;Agadir Oufella","isPartOf":{"@id":"https:\/\/www.agadir-oufella.ma\/fr\/#website"},"datePublished":"2022-07-25T11:35:09+00:00","dateModified":"2023-06-15T11:32:04+00:00","description":"Profitez d'une vue \u00e9poustouflante sur la baie d'Agadir et ses 5 km de plages avec des montagnes qui r\u00e9v\u00e8lent l'\u00e9tendue de l'arganeraie.","breadcrumb":{"@id":"https:\/\/www.agadir-oufella.ma\/fr\/telepherique-agadir\/#breadcrumb"},"inLanguage":"fr-FR","potentialAction":[{"@type":"ReadAction","target":["https:\/\/www.agadir-oufella.ma\/fr\/telepherique-agadir\/"]}]},{"@type":"BreadcrumbList","@id":"https:\/\/www.agadir-oufella.ma\/fr\/telepherique-agadir\/#breadcrumb","itemListElement":[{"@type":"ListItem","position":1,"name":"Accueil","item":"https:\/\/www.agadir-oufella.ma\/fr\/"},{"@type":"ListItem","position":2,"name":"T\u00e9l\u00e9ph\u00e9rique"}]},{"@type":"WebSite","@id":"https:\/\/www.agadir-oufella.ma\/fr\/#website","url":"https:\/\/www.agadir-oufella.ma\/fr\/","name":"Kasbah d&#039;Agadir Oufella","description":"","publisher":{"@id":"https:\/\/www.agadir-oufella.ma\/fr\/#organization"},"potentialAction":[{"@type":"SearchAction","target":{"@type":"EntryPoint","urlTemplate":"https:\/\/www.agadir-oufella.ma\/fr\/?s={search_term_string}"},"query-input":{"@type":"PropertyValueSpecification","valueRequired":true,"valueName":"search_term_string"}}],"inLanguage":"fr-FR"},{"@type":"Organization","@id":"https:\/\/www.agadir-oufella.ma\/fr\/#organization","name":"Kasbah d&#039;Agadir Oufella","url":"https:\/\/www.agadir-oufella.ma\/fr\/","logo":{"@type":"ImageObject","inLanguage":"fr-FR","@id":"https:\/\/www.agadir-oufella.ma\/fr\/#\/schema\/logo\/image\/","url":"https:\/\/www.agadir-oufella.ma\/wp-content\/uploads\/2023\/09\/LOGOAGOF.svg","contentUrl":"https:\/\/www.agadir-oufella.ma\/wp-content\/uploads\/2023\/09\/LOGOAGOF.svg","width":150,"height":150,"caption":"Kasbah d&#039;Agadir Oufella"},"image":{"@id":"https:\/\/www.agadir-oufella.ma\/fr\/#\/schema\/logo\/image\/"}}]}},"_links":{"self":[{"href":"https:\/\/www.agadir-oufella.ma\/fr\/wp-json\/wp\/v2\/pages\/606","targetHints":{"allow":["GET"]}}],"collection":[{"href":"https:\/\/www.agadir-oufella.ma\/fr\/wp-json\/wp\/v2\/pages"}],"about":[{"href":"https:\/\/www.agadir-oufella.ma\/fr\/wp-json\/wp\/v2\/types\/page"}],"author":[{"embeddable":true,"href":"https:\/\/www.agadir-oufella.ma\/fr\/wp-json\/wp\/v2\/users\/1"}],"replies":[{"embeddable":true,"href":"https:\/\/www.agadir-oufella.ma\/fr\/wp-json\/wp\/v2\/comments?post=606"}],"version-history":[{"count":35,"href":"https:\/\/www.agadir-oufella.ma\/fr\/wp-json\/wp\/v2\/pages\/606\/revisions"}],"predecessor-version":[{"id":6978,"href":"https:\/\/www.agadir-oufella.ma\/fr\/wp-json\/wp\/v2\/pages\/606\/revisions\/6978"}],"wp:attachment":[{"href":"https:\/\/www.agadir-oufella.ma\/fr\/wp-json\/wp\/v2\/media?parent=606"}],"curies":[{"name":"wp","href":"https:\/\/api.w.org\/{rel}","templated":true}]}}